{"version":"1.0","provider_name":"LUMINESCIENCES : le blog de Jean-Pierre LUMINET, astrophysicien","provider_url":"https:\/\/blogs.futura-sciences.com\/luminet","author_name":"Jean-Pierre LUMINET","author_url":"https:\/\/blogs.futura-sciences.com\/luminet\/author\/jpluminet\/","title":"Le r\u00f4le culturel et social des sciences, par Jean-Pierre Luminet","type":"rich","width":600,"height":338,"html":"<blockquote class=\"wp-embedded-content\" data-secret=\"2gN9BqRL6V\"><a href=\"https:\/\/blogs.futura-sciences.com\/luminet\/2015\/07\/16\/le-role-culturel-et-social-des-sciences\/\">Le r\u00f4le culturel et social des sciences<\/a><\/blockquote><iframe sandbox=\"allow-scripts\" security=\"restricted\" src=\"https:\/\/blogs.futura-sciences.com\/luminet\/2015\/07\/16\/le-role-culturel-et-social-des-sciences\/embed\/#?secret=2gN9BqRL6V\" width=\"600\" height=\"338\" title=\"\u00ab\u00a0Le r\u00f4le culturel et social des sciences\u00a0\u00bb &#8212; LUMINESCIENCES : le blog de Jean-Pierre LUMINET, astrophysicien\" data-secret=\"2gN9BqRL6V\" frameborder=\"0\" marginwidth=\"0\" marginheight=\"0\" scrolling=\"no\" class=\"wp-embedded-content\"><\/iframe><script>\n\/*! This file is auto-generated *\/\n!function(d,l){\"use strict\";l.querySelector&&d.addEventListener&&\"undefined\"!=typeof URL&&(d.wp=d.wp||{},d.wp.receiveEmbedMessage||(d.wp.receiveEmbedMessage=function(e){var t=e.data;if((t||t.secret||t.message||t.value)&&!\/[^a-zA-Z0-9]\/.test(t.secret)){for(var s,r,n,a=l.querySelectorAll('iframe[data-secret=\"'+t.secret+'\"]'),o=l.querySelectorAll('blockquote[data-secret=\"'+t.secret+'\"]'),c=new RegExp(\"^https?:$\",\"i\"),i=0;i<o.length;i++)o[i].style.display=\"none\";for(i=0;i<a.length;i++)s=a[i],e.source===s.contentWindow&&(s.removeAttribute(\"style\"),\"height\"===t.message?(1e3<(r=parseInt(t.value,10))?r=1e3:~~r<200&&(r=200),s.height=r):\"link\"===t.message&&(r=new URL(s.getAttribute(\"src\")),n=new URL(t.value),c.test(n.protocol))&&n.host===r.host&&l.activeElement===s&&(d.top.location.href=t.value))}},d.addEventListener(\"message\",d.wp.receiveEmbedMessage,!1),l.addEventListener(\"DOMContentLoaded\",function(){for(var e,t,s=l.querySelectorAll(\"iframe.wp-embedded-content\"),r=0;r<s.length;r++)(t=(e=s[r]).getAttribute(\"data-secret\"))||(t=Math.random().toString(36).substring(2,12),e.src+=\"#?secret=\"+t,e.setAttribute(\"data-secret\",t)),e.contentWindow.postMessage({message:\"ready\",secret:t},\"*\")},!1)))}(window,document);\n<\/script>\n","thumbnail_url":"https:\/\/blogs.futura-sciences.com\/luminet\/wp-content\/uploads\/sites\/2\/2015\/06\/Cranach-arbre.jpeg","thumbnail_width":807,"thumbnail_height":331,"description":"De grands d\u00e9fis semblent menacer la plan\u00e8te enti\u00e8re : la faim dans le monde, le manque d\u2019eau potable, le pillage des mati\u00e8res premi\u00e8res, le r\u00e9chauffement climatique, l\u2019organisation chaotique des finances mondiales, le retour de l\u2019irrationnel et des fondamentalismes, les bouff\u00e9es de violence qui \u00e9clatent un peu partout. La recherche scientifique est-elle le moyen de r\u00e9pondre &hellip; Continuer la lecture de  &rarr;"}