{"version":"1.0","provider_name":"COSMOGONIES, le blog d&#039;Aur\u00e9lien BARRAU, astrophysicien","provider_url":"https:\/\/blogs.futura-sciences.com\/barrau","author_name":"Aur\u00e9lien Barrau","author_url":"https:\/\/blogs.futura-sciences.com\/barrau\/author\/abarrau\/","title":"Non, Einstein n\u2019avait pas raison !, par Aur\u00e9lien BARRAU","type":"rich","width":600,"height":338,"html":"<blockquote class=\"wp-embedded-content\" data-secret=\"vBsM0RlUtM\"><a href=\"https:\/\/blogs.futura-sciences.com\/barrau\/2018\/08\/01\/non-einstein-navait-pas-raison\/\">Non, Einstein n\u2019avait pas raison !<\/a><\/blockquote><iframe sandbox=\"allow-scripts\" security=\"restricted\" src=\"https:\/\/blogs.futura-sciences.com\/barrau\/2018\/08\/01\/non-einstein-navait-pas-raison\/embed\/#?secret=vBsM0RlUtM\" width=\"600\" height=\"338\" title=\"\u00ab\u00a0Non, Einstein n\u2019avait pas raison !\u00a0\u00bb &#8212; COSMOGONIES, le blog d&#039;Aur\u00e9lien BARRAU, astrophysicien\" data-secret=\"vBsM0RlUtM\" frameborder=\"0\" marginwidth=\"0\" marginheight=\"0\" scrolling=\"no\" class=\"wp-embedded-content\"><\/iframe><script>\n\/*! This file is auto-generated *\/\n!function(d,l){\"use strict\";l.querySelector&&d.addEventListener&&\"undefined\"!=typeof URL&&(d.wp=d.wp||{},d.wp.receiveEmbedMessage||(d.wp.receiveEmbedMessage=function(e){var t=e.data;if((t||t.secret||t.message||t.value)&&!\/[^a-zA-Z0-9]\/.test(t.secret)){for(var s,r,n,a=l.querySelectorAll('iframe[data-secret=\"'+t.secret+'\"]'),o=l.querySelectorAll('blockquote[data-secret=\"'+t.secret+'\"]'),c=new RegExp(\"^https?:$\",\"i\"),i=0;i<o.length;i++)o[i].style.display=\"none\";for(i=0;i<a.length;i++)s=a[i],e.source===s.contentWindow&&(s.removeAttribute(\"style\"),\"height\"===t.message?(1e3<(r=parseInt(t.value,10))?r=1e3:~~r<200&&(r=200),s.height=r):\"link\"===t.message&&(r=new URL(s.getAttribute(\"src\")),n=new URL(t.value),c.test(n.protocol))&&n.host===r.host&&l.activeElement===s&&(d.top.location.href=t.value))}},d.addEventListener(\"message\",d.wp.receiveEmbedMessage,!1),l.addEventListener(\"DOMContentLoaded\",function(){for(var e,t,s=l.querySelectorAll(\"iframe.wp-embedded-content\"),r=0;r<s.length;r++)(t=(e=s[r]).getAttribute(\"data-secret\"))||(t=Math.random().toString(36).substring(2,12),e.src+=\"#?secret=\"+t,e.setAttribute(\"data-secret\",t)),e.contentWindow.postMessage({message:\"ready\",secret:t},\"*\")},!1)))}(window,document);\n<\/script>\n","thumbnail_url":"https:\/\/blogs.futura-sciences.com\/barrau\/wp-content\/uploads\/sites\/12\/2018\/08\/Sagittarius_A.jpg","thumbnail_width":1200,"thumbnail_height":1200,"description":"Je le pr\u00e9cise d\u00e8s la premi\u00e8re ligne : le titre est une provocation. Commen\u00e7ons par les faits. Il y a peu, de nouvelles observations r\u00e9alis\u00e9es \u00e0 l\u2019aide du grande t\u00e9lescope europ\u00e9en VLT ont permis de cartographier en d\u00e9tails le mouvement des \u00e9toiles autour du trou noir qui se trouve au centre de notre galaxie. Ce &hellip; Continuer la lecture de  &rarr;"}