{"version":"1.0","provider_name":"VOLCANMANIA : le blog de Jacques-Marie BARDINTZEFF, volcanologue","provider_url":"https:\/\/blogs.futura-sciences.com\/bardintzeff","author_name":"jmbardintzeff","author_url":"https:\/\/blogs.futura-sciences.com\/bardintzeff\/author\/jmbardintzeff\/","title":"Conf\u00e9rence \u00ab Volcans \u00bb \u00e0 Rennes, par Jacques-Marie Bardintzeff","type":"rich","width":600,"height":338,"html":"<blockquote class=\"wp-embedded-content\" data-secret=\"MabAGYzM1g\"><a href=\"https:\/\/blogs.futura-sciences.com\/bardintzeff\/2019\/01\/31\/conference-volcans-a-rennes\/\">Conf\u00e9rence \u00ab Volcans \u00bb \u00e0 Rennes<\/a><\/blockquote><iframe sandbox=\"allow-scripts\" security=\"restricted\" src=\"https:\/\/blogs.futura-sciences.com\/bardintzeff\/2019\/01\/31\/conference-volcans-a-rennes\/embed\/#?secret=MabAGYzM1g\" width=\"600\" height=\"338\" title=\"\u00ab\u00a0Conf\u00e9rence \u00ab Volcans \u00bb \u00e0 Rennes\u00a0\u00bb &#8212; VOLCANMANIA : le blog de Jacques-Marie BARDINTZEFF, volcanologue\" data-secret=\"MabAGYzM1g\" frameborder=\"0\" marginwidth=\"0\" marginheight=\"0\" scrolling=\"no\" class=\"wp-embedded-content\"><\/iframe><script>\n\/*! This file is auto-generated *\/\n!function(d,l){\"use strict\";l.querySelector&&d.addEventListener&&\"undefined\"!=typeof URL&&(d.wp=d.wp||{},d.wp.receiveEmbedMessage||(d.wp.receiveEmbedMessage=function(e){var t=e.data;if((t||t.secret||t.message||t.value)&&!\/[^a-zA-Z0-9]\/.test(t.secret)){for(var s,r,n,a=l.querySelectorAll('iframe[data-secret=\"'+t.secret+'\"]'),o=l.querySelectorAll('blockquote[data-secret=\"'+t.secret+'\"]'),c=new RegExp(\"^https?:$\",\"i\"),i=0;i<o.length;i++)o[i].style.display=\"none\";for(i=0;i<a.length;i++)s=a[i],e.source===s.contentWindow&&(s.removeAttribute(\"style\"),\"height\"===t.message?(1e3<(r=parseInt(t.value,10))?r=1e3:~~r<200&&(r=200),s.height=r):\"link\"===t.message&&(r=new URL(s.getAttribute(\"src\")),n=new URL(t.value),c.test(n.protocol))&&n.host===r.host&&l.activeElement===s&&(d.top.location.href=t.value))}},d.addEventListener(\"message\",d.wp.receiveEmbedMessage,!1),l.addEventListener(\"DOMContentLoaded\",function(){for(var e,t,s=l.querySelectorAll(\"iframe.wp-embedded-content\"),r=0;r<s.length;r++)(t=(e=s[r]).getAttribute(\"data-secret\"))||(t=Math.random().toString(36).substring(2,12),e.src+=\"#?secret=\"+t,e.setAttribute(\"data-secret\",t)),e.contentWindow.postMessage({message:\"ready\",secret:t},\"*\")},!1)))}(window,document);\n<\/script>\n","description":"Je suis invit\u00e9 pour une conf\u00e9rence \u00e0 Rennes mardi 12 f\u00e9vrier 2019 \u00e0 20h30, dans le cadre des \u00ab\u00a0Mardis de L\u2019Espace des Sciences\u00a0\u00bb, Les Champs Libres, 10 cours des Alli\u00e9s. Le th\u00e8me retenu est &#8220;Vocation volcanologue&#8221;. Entr\u00e9e libre. \u00c0 l\u2019issue de la conf\u00e9rence, une s\u00e9ance de d\u00e9dicace est pr\u00e9vue. https:\/\/www.espace-sciences.org\/conferences\/vocation-volcanologue Conf\u00e9rence de Jacques-Marie Bardintzeff, volcanologue, &hellip; Continuer la lecture de  &rarr;","thumbnail_url":"https:\/\/blogs.futura-sciences.com\/bardintzeff\/wp-content\/uploads\/sites\/3\/2019\/01\/2019.02.12.Rennes.jpg-318x450.jpg"}